{"id":2673,"date":"2025-08-05T07:23:46","date_gmt":"2025-08-05T07:23:46","guid":{"rendered":"https:\/\/suedharz-urlaub.de\/walkenried\/"},"modified":"2026-01-23T08:28:25","modified_gmt":"2026-01-23T08:28:25","slug":"walkenried","status":"publish","type":"page","link":"https:\/\/suedharz-urlaub.de\/en\/walkenried\/","title":{"rendered":"Walkenried"},"content":{"rendered":"\t\t<div data-elementor-type=\"wp-page\" data-elementor-id=\"2673\" class=\"elementor elementor-2673 elementor-1650\" data-elementor-post-type=\"page\">\n\t\t\t\t<div class=\"elementor-element elementor-element-0327575 e-con-full e-flex e-con e-parent\" data-id=\"0327575\" data-element_type=\"container\" data-e-type=\"container\" data-settings=\"{&quot;background_background&quot;:&quot;classic&quot;}\">\n\t\t<div class=\"elementor-element elementor-element-ac2d339 e-con-full e-flex e-con e-child\" data-id=\"ac2d339\" data-element_type=\"container\" data-e-type=\"container\" data-settings=\"{&quot;background_background&quot;:&quot;classic&quot;}\">\n\t\t\t\t<div class=\"elementor-element elementor-element-d7ba360 elementor-grid-1 elementor-widget__width-auto elementor-fixed elementor-hidden-desktop elementor-hidden-tablet elementor-hidden-mobile elementor-shape-rounded e-grid-align-center elementor-widget elementor-widget-social-icons\" data-id=\"d7ba360\" data-element_type=\"widget\" data-e-type=\"widget\" data-settings=\"{&quot;_position&quot;:&quot;fixed&quot;}\" data-widget_type=\"social-icons.default\">\n\t\t\t\t<div class=\"elementor-widget-container\">\n\t\t\t\t\t\t\t<div class=\"elementor-social-icons-wrapper elementor-grid\" role=\"list\">\n\t\t\t\t\t\t\t<span class=\"elementor-grid-item\" role=\"listitem\">\n\t\t\t\t\t<a class=\"elementor-icon elementor-social-icon elementor-social-icon-facebook elementor-animation-grow elementor-repeater-item-902d5c1\" target=\"_blank\">\n\t\t\t\t\t\t<span class=\"elementor-screen-only\">Facebook<\/span>\n\t\t\t\t\t\t<i aria-hidden=\"true\" class=\"fab fa-facebook\"><\/i>\t\t\t\t\t<\/a>\n\t\t\t\t<\/span>\n\t\t\t\t\t\t\t<span class=\"elementor-grid-item\" role=\"listitem\">\n\t\t\t\t\t<a class=\"elementor-icon elementor-social-icon elementor-social-icon-twitter elementor-animation-grow elementor-repeater-item-fb6f328\" target=\"_blank\">\n\t\t\t\t\t\t<span class=\"elementor-screen-only\">Twitter<\/span>\n\t\t\t\t\t\t<i aria-hidden=\"true\" class=\"fab fa-twitter\"><\/i>\t\t\t\t\t<\/a>\n\t\t\t\t<\/span>\n\t\t\t\t\t\t\t<span class=\"elementor-grid-item\" role=\"listitem\">\n\t\t\t\t\t<a class=\"elementor-icon elementor-social-icon elementor-social-icon-youtube elementor-animation-grow elementor-repeater-item-bbd7dda\" target=\"_blank\">\n\t\t\t\t\t\t<span class=\"elementor-screen-only\">Youtube<\/span>\n\t\t\t\t\t\t<i aria-hidden=\"true\" class=\"fab fa-youtube\"><\/i>\t\t\t\t\t<\/a>\n\t\t\t\t<\/span>\n\t\t\t\t\t<\/div>\n\t\t\t\t\t\t<\/div>\n\t\t\t\t<\/div>\n\t\t\t\t<\/div>\n\t\t\t\t<\/div>\n\t\t<div class=\"elementor-element elementor-element-60760a06 e-flex e-con-boxed e-con e-parent\" data-id=\"60760a06\" data-element_type=\"container\" data-e-type=\"container\">\n\t\t\t\t\t<div class=\"e-con-inner\">\n\t\t<div class=\"elementor-element elementor-element-61f1f592 e-con-full e-flex e-con e-child\" data-id=\"61f1f592\" data-element_type=\"container\" data-e-type=\"container\">\n\t\t\t\t<div class=\"elementor-element elementor-element-581dcb7d elementor-widget elementor-widget-heading\" data-id=\"581dcb7d\" data-element_type=\"widget\" data-e-type=\"widget\" data-widget_type=\"heading.default\">\n\t\t\t\t<div class=\"elementor-widget-container\">\n\t\t\t\t\t<h1 class=\"elementor-heading-title elementor-size-default\">Vacation in Walkenried<\/h1>\t\t\t\t<\/div>\n\t\t\t\t<\/div>\n\t\t\t\t<div class=\"elementor-element elementor-element-3948cc73 elementor-widget-divider--view-line elementor-widget elementor-widget-divider\" data-id=\"3948cc73\" data-element_type=\"widget\" data-e-type=\"widget\" data-widget_type=\"divider.default\">\n\t\t\t\t<div class=\"elementor-widget-container\">\n\t\t\t\t\t\t\t<div class=\"elementor-divider\">\n\t\t\t<span class=\"elementor-divider-separator\">\n\t\t\t\t\t\t<\/span>\n\t\t<\/div>\n\t\t\t\t\t\t<\/div>\n\t\t\t\t<\/div>\n\t\t\t\t<div class=\"elementor-element elementor-element-98a40c2 elementor-widget elementor-widget-heading\" data-id=\"98a40c2\" data-element_type=\"widget\" data-e-type=\"widget\" data-widget_type=\"heading.default\">\n\t\t\t\t<div class=\"elementor-widget-container\">\n\t\t\t\t\t<h2 class=\"elementor-heading-title elementor-size-default\">Nature, culture and recreation in the southern Harz<\/h2>\t\t\t\t<\/div>\n\t\t\t\t<\/div>\n\t\t\t\t<div class=\"elementor-element elementor-element-3bca94ac elementor-widget elementor-widget-text-editor\" data-id=\"3bca94ac\" data-element_type=\"widget\" data-e-type=\"widget\" data-widget_type=\"text-editor.default\">\n\t\t\t\t<div class=\"elementor-widget-container\">\n\t\t\t\t\t\t\t\t\t<p>Walkenried is idyllically situated on the southern edge of the Harz Mountains in Lower Saxony. The state-approved resort belongs to the joint municipality of Walkenried and also includes the districts of Zorge and Wieda. All three villages offer peace, nature and short distances to the most beautiful destinations in the Harz Mountains.  <\/p><p>The surrounding area offers you pure Harz nature: tranquil stream valleys, flowering meadows, steep cliffs and enchanted forests. In Zorge, the river rushes through the valley and in Wieda you can hike along the ironstone nature trail. The landscape is characterized by rare plants, clear air and sweeping views.  <\/p>\t\t\t\t\t\t\t\t<\/div>\n\t\t\t\t<\/div>\n\t\t\t\t<div class=\"elementor-element elementor-element-cc8f897 elementor-align-center elementor-widget elementor-widget-button\" data-id=\"cc8f897\" data-element_type=\"widget\" data-e-type=\"widget\" data-widget_type=\"button.default\">\n\t\t\t\t<div class=\"elementor-widget-container\">\n\t\t\t\t\t\t\t\t\t<div class=\"elementor-button-wrapper\">\n\t\t\t\t\t<a class=\"elementor-button elementor-button-link elementor-size-sm elementor-animation-grow\" href=\"https:\/\/www.walkenried-tourismus.de\/\" target=\"_blank\">\n\t\t\t\t\t\t<span class=\"elementor-button-content-wrapper\">\n\t\t\t\t\t\t\t\t\t<span class=\"elementor-button-text\">To the Walkenried website<\/span>\n\t\t\t\t\t<\/span>\n\t\t\t\t\t<\/a>\n\t\t\t\t<\/div>\n\t\t\t\t\t\t\t\t<\/div>\n\t\t\t\t<\/div>\n\t\t\t\t<\/div>\n\t\t\t\t\t<\/div>\n\t\t\t\t<\/div>\n\t\t<div class=\"elementor-element elementor-element-798071a e-con-full e-flex e-con e-parent\" data-id=\"798071a\" data-element_type=\"container\" data-e-type=\"container\">\n\t\t<div class=\"elementor-element elementor-element-9663493 e-con-full e-flex e-con e-child\" data-id=\"9663493\" data-element_type=\"container\" data-e-type=\"container\">\n\t\t<div class=\"elementor-element elementor-element-6e5353d e-con-full e-flex e-con e-child\" data-id=\"6e5353d\" data-element_type=\"container\" data-e-type=\"container\" data-settings=\"{&quot;background_background&quot;:&quot;classic&quot;}\">\n\t\t\t\t<\/div>\n\t\t<div class=\"elementor-element elementor-element-1630c60 e-con-full e-flex e-con e-child\" data-id=\"1630c60\" data-element_type=\"container\" data-e-type=\"container\">\n\t\t\t\t<div class=\"elementor-element elementor-element-cda428d elementor-widget elementor-widget-gva-heading-block\" data-id=\"cda428d\" data-element_type=\"widget\" data-e-type=\"widget\" data-widget_type=\"gva-heading-block.default\">\n\t\t\t\t<div class=\"elementor-widget-container\">\n\t\t\t\t\t<div class=\"gva-element-gva-heading-block gva-element\">   <div class=\"align-left style-2 widget gsc-heading box-align-left auto-responsive\">\r\n      <div class=\"content-inner\">\r\n         \r\n                  \r\n         <div class=\"sub-title\"><span class=\"tagline\">Der Ort<\/span><\/div>  \r\n         \r\n                     <h5 class=\"title\">\r\n               <span>Historischer Ort mit Charakter<\/span>\r\n            <\/h5>\r\n                  \r\n                     <div class=\"title-desc\">Im gem\u00fctlichen Ortskern von Walkenried finden Sie h\u00fcbsche Fachwerkh\u00e4usern, kleinen Gassen und das beeindruckenden Kloster. Hier treffen Geschichte, Gastlichkeit und harztypische Gem\u00fctlichkeit aufeinander. Caf\u00e9s, Ferienwohnungen und Gastgeber mit Herz sorgen f\u00fcr einen entspannten Aufenthalt.<\/div>\r\n         \r\n         \r\n      <\/div>\r\n   <\/div>\r\n<\/div>\t\t\t\t<\/div>\n\t\t\t\t<\/div>\n\t\t\t\t<div class=\"elementor-element elementor-element-1cb756a elementor-icon-list--layout-traditional elementor-list-item-link-full_width elementor-widget elementor-widget-icon-list\" data-id=\"1cb756a\" data-element_type=\"widget\" data-e-type=\"widget\" data-widget_type=\"icon-list.default\">\n\t\t\t\t<div class=\"elementor-widget-container\">\n\t\t\t\t\t\t\t<ul class=\"elementor-icon-list-items\">\n\t\t\t\t\t\t\t<li class=\"elementor-icon-list-item\">\n\t\t\t\t\t\t\t\t\t\t\t<a href=\"https:\/\/www.walkenried-tourismus.de\/gemeinde-walkenried-im-suedharz\/klosterort-walkenried\/\" target=\"_blank\">\n\n\t\t\t\t\t\t\t\t\t\t\t\t<span class=\"elementor-icon-list-icon\">\n\t\t\t\t\t\t\t<i aria-hidden=\"true\" class=\"far fa-arrow-alt-circle-right\"><\/i>\t\t\t\t\t\t<\/span>\n\t\t\t\t\t\t\t\t\t\t<span class=\"elementor-icon-list-text\">The village of Walkenried<\/span>\n\t\t\t\t\t\t\t\t\t\t\t<\/a>\n\t\t\t\t\t\t\t\t\t<\/li>\n\t\t\t\t\t\t<\/ul>\n\t\t\t\t\t\t<\/div>\n\t\t\t\t<\/div>\n\t\t\t\t<\/div>\n\t\t\t\t<\/div>\n\t\t\t\t<\/div>\n\t\t<div class=\"elementor-element elementor-element-a13f504 e-con-full e-flex e-con e-parent\" data-id=\"a13f504\" data-element_type=\"container\" data-e-type=\"container\">\n\t\t<div class=\"elementor-element elementor-element-aa970f3 e-con-full e-flex e-con e-child\" data-id=\"aa970f3\" data-element_type=\"container\" data-e-type=\"container\">\n\t\t\t\t<div class=\"elementor-element elementor-element-e8afb5a elementor-widget elementor-widget-gva-heading-block\" data-id=\"e8afb5a\" data-element_type=\"widget\" data-e-type=\"widget\" data-widget_type=\"gva-heading-block.default\">\n\t\t\t\t<div class=\"elementor-widget-container\">\n\t\t\t\t\t<div class=\"gva-element-gva-heading-block gva-element\">   <div class=\"align-left style-2 widget gsc-heading box-align-left auto-responsive\">\r\n      <div class=\"content-inner\">\r\n         \r\n                  \r\n         <div class=\"sub-title\"><span class=\"tagline\">Sehenswert<\/span><\/div>  \r\n         \r\n                     <h5 class=\"title\">\r\n               <span>Highlights rund um das Kloster Walkenried<\/span>\r\n            <\/h5>\r\n                  \r\n                     <div class=\"title-desc\">Das ZisterzienserMuseum Kloster Walkenried geh\u00f6rt zum UNESCO-Welterbe und ist ein kulturelles Highlight im S\u00fcdharz. Bei einer F\u00fchrung tauchen Sie tief in das Leben der M\u00f6nche ein. Lichtinstallationen und multimediale Ausstellungen machen den Besuch unvergesslich. Der angrenzende Klosterpark l\u00e4dt zum Spazieren ein.<\/div>\r\n         \r\n         \r\n      <\/div>\r\n   <\/div>\r\n<\/div>\t\t\t\t<\/div>\n\t\t\t\t<\/div>\n\t\t\t\t<div class=\"elementor-element elementor-element-924aea2 elementor-icon-list--layout-traditional elementor-list-item-link-full_width elementor-widget elementor-widget-icon-list\" data-id=\"924aea2\" data-element_type=\"widget\" data-e-type=\"widget\" data-widget_type=\"icon-list.default\">\n\t\t\t\t<div class=\"elementor-widget-container\">\n\t\t\t\t\t\t\t<ul class=\"elementor-icon-list-items\">\n\t\t\t\t\t\t\t<li class=\"elementor-icon-list-item\">\n\t\t\t\t\t\t\t\t\t\t\t<a href=\"https:\/\/www.walkenried-tourismus.de\/kultur-genuss-im-suedharz\/\" target=\"_blank\">\n\n\t\t\t\t\t\t\t\t\t\t\t\t<span class=\"elementor-icon-list-icon\">\n\t\t\t\t\t\t\t<i aria-hidden=\"true\" class=\"far fa-arrow-alt-circle-right\"><\/i>\t\t\t\t\t\t<\/span>\n\t\t\t\t\t\t\t\t\t\t<span class=\"elementor-icon-list-text\">Culture<\/span>\n\t\t\t\t\t\t\t\t\t\t\t<\/a>\n\t\t\t\t\t\t\t\t\t<\/li>\n\t\t\t\t\t\t<\/ul>\n\t\t\t\t\t\t<\/div>\n\t\t\t\t<\/div>\n\t\t\t\t<\/div>\n\t\t<div class=\"elementor-element elementor-element-5b911e6 e-con-full e-flex e-con e-child\" data-id=\"5b911e6\" data-element_type=\"container\" data-e-type=\"container\" data-settings=\"{&quot;background_background&quot;:&quot;classic&quot;}\">\n\t\t\t\t<\/div>\n\t\t\t\t<\/div>\n\t\t<div class=\"elementor-element elementor-element-c6aa9db e-con-full e-flex e-con e-parent\" data-id=\"c6aa9db\" data-element_type=\"container\" data-e-type=\"container\">\n\t\t<div class=\"elementor-element elementor-element-b014c97 e-con-full e-flex e-con e-child\" data-id=\"b014c97\" data-element_type=\"container\" data-e-type=\"container\">\n\t\t<div class=\"elementor-element elementor-element-935fba3 e-con-full e-flex e-con e-child\" data-id=\"935fba3\" data-element_type=\"container\" data-e-type=\"container\" data-settings=\"{&quot;background_background&quot;:&quot;classic&quot;}\">\n\t\t\t\t<\/div>\n\t\t<div class=\"elementor-element elementor-element-302765f e-con-full e-flex e-con e-child\" data-id=\"302765f\" data-element_type=\"container\" data-e-type=\"container\">\n\t\t\t\t<div class=\"elementor-element elementor-element-3755ca4 elementor-widget elementor-widget-gva-heading-block\" data-id=\"3755ca4\" data-element_type=\"widget\" data-e-type=\"widget\" data-widget_type=\"gva-heading-block.default\">\n\t\t\t\t<div class=\"elementor-widget-container\">\n\t\t\t\t\t<div class=\"gva-element-gva-heading-block gva-element\">   <div class=\"align-left style-2 widget gsc-heading box-align-left auto-responsive\">\r\n      <div class=\"content-inner\">\r\n         \r\n                  \r\n         <div class=\"sub-title\"><span class=\"tagline\">Aktivit\u00e4ten<\/span><\/div>  \r\n         \r\n                     <h5 class=\"title\">\r\n               <span>Aktivit\u00e4ten zwischen Wald und Wasser<\/span>\r\n            <\/h5>\r\n                  \r\n                     <div class=\"title-desc\">Wanderer, Radfahrer und Naturfreunde kommen in Walkenried voll auf ihre Kosten. Gut ausgeschilderte Wege f\u00fchren durch Buchenw\u00e4lder, \u00fcber sanfte H\u00fcgel und zu klaren Teichen. Die \u201eKarstwanderweg\u201c-Route beginnt direkt im Ort. Auch f\u00fcr Familien und Genie\u00dfer gibt es leichte Touren durch die Harzlandschaft.<\/div>\r\n         \r\n         \r\n      <\/div>\r\n   <\/div>\r\n<\/div>\t\t\t\t<\/div>\n\t\t\t\t<\/div>\n\t\t\t\t<div class=\"elementor-element elementor-element-b72d0c8 elementor-icon-list--layout-traditional elementor-list-item-link-full_width elementor-widget elementor-widget-icon-list\" data-id=\"b72d0c8\" data-element_type=\"widget\" data-e-type=\"widget\" data-widget_type=\"icon-list.default\">\n\t\t\t\t<div class=\"elementor-widget-container\">\n\t\t\t\t\t\t\t<ul class=\"elementor-icon-list-items\">\n\t\t\t\t\t\t\t<li class=\"elementor-icon-list-item\">\n\t\t\t\t\t\t\t\t\t\t\t<a href=\"https:\/\/www.walkenried-tourismus.de\/natur-aktiv-im-suedharz\/\" target=\"_blank\">\n\n\t\t\t\t\t\t\t\t\t\t\t\t<span class=\"elementor-icon-list-icon\">\n\t\t\t\t\t\t\t<i aria-hidden=\"true\" class=\"far fa-arrow-alt-circle-right\"><\/i>\t\t\t\t\t\t<\/span>\n\t\t\t\t\t\t\t\t\t\t<span class=\"elementor-icon-list-text\">Activities<\/span>\n\t\t\t\t\t\t\t\t\t\t\t<\/a>\n\t\t\t\t\t\t\t\t\t<\/li>\n\t\t\t\t\t\t<\/ul>\n\t\t\t\t\t\t<\/div>\n\t\t\t\t<\/div>\n\t\t\t\t<\/div>\n\t\t\t\t<\/div>\n\t\t\t\t<\/div>\n\t\t<div class=\"elementor-element elementor-element-92aebc5 e-flex e-con-boxed e-con e-parent\" data-id=\"92aebc5\" data-element_type=\"container\" data-e-type=\"container\">\n\t\t\t\t\t<div class=\"e-con-inner\">\n\t\t\t\t<div class=\"elementor-element elementor-element-ced4443 elementor-widget elementor-widget-spacer\" data-id=\"ced4443\" data-element_type=\"widget\" data-e-type=\"widget\" data-widget_type=\"spacer.default\">\n\t\t\t\t<div class=\"elementor-widget-container\">\n\t\t\t\t\t\t\t<div class=\"elementor-spacer\">\n\t\t\t<div class=\"elementor-spacer-inner\"><\/div>\n\t\t<\/div>\n\t\t\t\t\t\t<\/div>\n\t\t\t\t<\/div>\n\t\t\t\t\t<\/div>\n\t\t\t\t<\/div>\n\t\t<div class=\"elementor-element elementor-element-8a6b16d e-flex e-con-boxed e-con e-parent\" data-id=\"8a6b16d\" data-element_type=\"container\" data-e-type=\"container\" data-settings=\"{&quot;background_background&quot;:&quot;classic&quot;}\">\n\t\t\t\t\t<div class=\"e-con-inner\">\n\t\t<div class=\"elementor-element elementor-element-37bb9ea e-con-full e-flex e-con e-child\" data-id=\"37bb9ea\" data-element_type=\"container\" data-e-type=\"container\">\n\t\t\t\t<div class=\"elementor-element elementor-element-5887f864 elementor-widget elementor-widget-heading\" data-id=\"5887f864\" data-element_type=\"widget\" data-e-type=\"widget\" data-widget_type=\"heading.default\">\n\t\t\t\t<div class=\"elementor-widget-container\">\n\t\t\t\t\t<h2 class=\"elementor-heading-title elementor-size-default\">Discover Walkenried<\/h2>\t\t\t\t<\/div>\n\t\t\t\t<\/div>\n\t\t<div class=\"elementor-element elementor-element-0313a3d e-grid e-con-full e-con e-child\" data-id=\"0313a3d\" data-element_type=\"container\" data-e-type=\"container\" data-settings=\"{&quot;background_background&quot;:&quot;classic&quot;}\">\n\t\t\t\t<div class=\"elementor-element elementor-element-3d1bfe2e elementor-widget elementor-widget-ba_banner\" data-id=\"3d1bfe2e\" data-element_type=\"widget\" data-e-type=\"widget\" data-widget_type=\"ba_banner.default\">\n\t\t\t\t<div class=\"elementor-widget-container\">\n\t\t\t\t\t<div class=\"gva-element-ba_banner gva-element\">\r\n\r\n\r\n<div class=\"lt-banner-three__single text-left\"><div class=\"lt-banner-three__wrap\"><div class=\"lt-banner-three__image\"><img decoding=\"async\" src=\"https:\/\/suedharz-urlaub.de\/wp-content\/uploads\/2025\/08\/WAL_Wandern_Frau-im-Wald\u00a9mRGB-_stock.adobe_.com_57475775.jpg\" alt=\"Wandern\" \/><\/div><div class=\"lt-banner-three__content\"><h3 class=\"lt-banner-three__title\">Wandern<\/h3><\/div><a class=\"lt-banner-three__link\"target=\"blank\" href=\"https:\/\/www.walkenried-tourismus.de\/natur-aktiv-im-suedharz\/wandern\/\"><\/a><\/div><\/div><\/div>\t\t\t\t<\/div>\n\t\t\t\t<\/div>\n\t\t\t\t<div class=\"elementor-element elementor-element-2478a4b1 elementor-widget elementor-widget-ba_banner\" data-id=\"2478a4b1\" data-element_type=\"widget\" data-e-type=\"widget\" data-widget_type=\"ba_banner.default\">\n\t\t\t\t<div class=\"elementor-widget-container\">\n\t\t\t\t\t<div class=\"gva-element-ba_banner gva-element\">\r\n\r\n\r\n<div class=\"lt-banner-three__single text-left\"><div class=\"lt-banner-three__wrap\"><div class=\"lt-banner-three__image\"><img decoding=\"async\" src=\"https:\/\/suedharz-urlaub.de\/wp-content\/uploads\/2025\/08\/WAL_Radfahren_\u00a9kasto_stock.adobe_.com_190009457.jpg\" alt=\"Radfahren\" \/><\/div><div class=\"lt-banner-three__content\"><h3 class=\"lt-banner-three__title\">Radfahren<\/h3><\/div><a class=\"lt-banner-three__link\"target=\"blank\" href=\"https:\/\/www.bad-sachsa.de\/gesundheit-wellness\/salztal-paradies\/\"><\/a><\/div><\/div><\/div>\t\t\t\t<\/div>\n\t\t\t\t<\/div>\n\t\t\t\t<div class=\"elementor-element elementor-element-7138646b elementor-widget elementor-widget-ba_banner\" data-id=\"7138646b\" data-element_type=\"widget\" data-e-type=\"widget\" data-widget_type=\"ba_banner.default\">\n\t\t\t\t<div class=\"elementor-widget-container\">\n\t\t\t\t\t<div class=\"gva-element-ba_banner gva-element\">\r\n\r\n\r\n<div class=\"lt-banner-three__single text-left\"><div class=\"lt-banner-three__wrap\"><div class=\"lt-banner-three__image\"><img decoding=\"async\" src=\"https:\/\/suedharz-urlaub.de\/wp-content\/uploads\/2025\/08\/WAL_Kloster-Walkenried-\u00a9-J.-Engelhardt-GLC.jpg\" alt=\"Kloster\" \/><\/div><div class=\"lt-banner-three__content\"><h3 class=\"lt-banner-three__title\">Kloster<\/h3><\/div><a class=\"lt-banner-three__link\"target=\"blank\" href=\"https:\/\/www.walkenried-tourismus.de\/kultur-genuss-im-suedharz\/museum-kloster-walkenried\/\"><\/a><\/div><\/div><\/div>\t\t\t\t<\/div>\n\t\t\t\t<\/div>\n\t\t\t\t<div class=\"elementor-element elementor-element-7eef4247 elementor-widget elementor-widget-ba_banner\" data-id=\"7eef4247\" data-element_type=\"widget\" data-e-type=\"widget\" data-widget_type=\"ba_banner.default\">\n\t\t\t\t<div class=\"elementor-widget-container\">\n\t\t\t\t\t<div class=\"gva-element-ba_banner gva-element\">\r\n\r\n\r\n<div class=\"lt-banner-three__single text-left\"><div class=\"lt-banner-three__wrap\"><div class=\"lt-banner-three__image\"><img decoding=\"async\" src=\"https:\/\/suedharz-urlaub.de\/wp-content\/uploads\/2025\/08\/WAL_Glockenturm_Zorge\u00a9Brigitte-Kusian.jpg\" alt=\"Kultur und Museen\" \/><\/div><div class=\"lt-banner-three__content\"><h3 class=\"lt-banner-three__title\">Kultur und Museen<\/h3><\/div><a class=\"lt-banner-three__link\"target=\"blank\" href=\"https:\/\/www.walkenried-tourismus.de\/kultur-genuss-im-suedharz\/\"><\/a><\/div><\/div><\/div>\t\t\t\t<\/div>\n\t\t\t\t<\/div>\n\t\t\t\t<\/div>\n\t\t\t\t<\/div>\n\t\t\t\t\t<\/div>\n\t\t\t\t<\/div>\n\t\t\t\t<section class=\"elementor-section elementor-top-section elementor-element elementor-element-44c71c51 elementor-section-full_width elementor-section-height-default elementor-section-height-default\" data-id=\"44c71c51\" data-element_type=\"section\" data-e-type=\"section\" data-settings=\"{&quot;background_background&quot;:&quot;classic&quot;}\">\n\t\t\t\t\t\t\t<div class=\"elementor-background-overlay\"><\/div>\n\t\t\t\t\t\t\t<div class=\"elementor-container elementor-column-gap-no\">\n\t\t\t\t\t<div class=\"elementor-column elementor-col-100 elementor-top-column elementor-element elementor-element-25a7be53\" data-id=\"25a7be53\" data-element_type=\"column\" data-e-type=\"column\">\n\t\t\t<div class=\"elementor-widget-wrap elementor-element-populated\">\n\t\t\t\t\t\t<div class=\"elementor-element elementor-element-752ddf67 elementor-widget elementor-widget-spacer\" data-id=\"752ddf67\" data-element_type=\"widget\" data-e-type=\"widget\" data-widget_type=\"spacer.default\">\n\t\t\t\t<div class=\"elementor-widget-container\">\n\t\t\t\t\t\t\t<div class=\"elementor-spacer\">\n\t\t\t<div class=\"elementor-spacer-inner\"><\/div>\n\t\t<\/div>\n\t\t\t\t\t\t<\/div>\n\t\t\t\t<\/div>\n\t\t\t\t\t<\/div>\n\t\t<\/div>\n\t\t\t\t\t<\/div>\n\t\t<\/section>\n\t\t<div class=\"elementor-element elementor-element-39b3f66 e-flex e-con-boxed e-con e-parent\" data-id=\"39b3f66\" data-element_type=\"container\" data-e-type=\"container\">\n\t\t\t\t\t<div class=\"e-con-inner\">\n\t\t\t\t<div class=\"elementor-element elementor-element-ec1ed7c elementor-widget elementor-widget-spacer\" data-id=\"ec1ed7c\" data-element_type=\"widget\" data-e-type=\"widget\" data-widget_type=\"spacer.default\">\n\t\t\t\t<div class=\"elementor-widget-container\">\n\t\t\t\t\t\t\t<div class=\"elementor-spacer\">\n\t\t\t<div class=\"elementor-spacer-inner\"><\/div>\n\t\t<\/div>\n\t\t\t\t\t\t<\/div>\n\t\t\t\t<\/div>\n\t\t\t\t\t<\/div>\n\t\t\t\t<\/div>\n\t\t<div class=\"elementor-element elementor-element-b01f009 e-flex e-con-boxed e-con e-parent\" data-id=\"b01f009\" data-element_type=\"container\" data-e-type=\"container\">\n\t\t\t\t\t<div class=\"e-con-inner\">\n\t\t\t\t<div class=\"elementor-element elementor-element-3a4b660 elementor-widget elementor-widget-heading\" data-id=\"3a4b660\" data-element_type=\"widget\" data-e-type=\"widget\" data-widget_type=\"heading.default\">\n\t\t\t\t<div class=\"elementor-widget-container\">\n\t\t\t\t\t<h3 class=\"elementor-heading-title elementor-size-default\">News from Walkenried<\/h3>\t\t\t\t<\/div>\n\t\t\t\t<\/div>\n\t\t\t\t\t<\/div>\n\t\t\t\t<\/div>\n\t\t<div class=\"elementor-element elementor-element-5c2abf0 e-flex e-con-boxed e-con e-parent\" data-id=\"5c2abf0\" data-element_type=\"container\" data-e-type=\"container\">\n\t\t\t\t\t<div class=\"e-con-inner\">\n\t\t\t\t<div class=\"elementor-element elementor-element-6407235 elementor-widget elementor-widget-html\" data-id=\"6407235\" data-element_type=\"widget\" data-e-type=\"widget\" data-widget_type=\"html.default\">\n\t\t\t\t<div class=\"elementor-widget-container\">\n\t\t\t\t\t<iframe id=\"newsFrame\" src=\"https:\/\/www.walkenried-tourismus.de\/index.php?id=115\" style=\"width: 100%; border: none; overflow: hidden;\" scrolling=\"no\" loading=\"lazy\">\r\n<\/iframe>\r\n\r\n<script>\r\n  window.addEventListener(\"message\", (event) =&gt; {\r\n    if (event.data.iframeHeight) {\r\n      const iframe = document.getElementById(\"newsFrame\");\r\n      iframe.style.height = event.data.iframeHeight + \"px\";\r\n    }\r\n  });\r\n<\/script>\t\t\t\t<\/div>\n\t\t\t\t<\/div>\n\t\t\t\t\t<\/div>\n\t\t\t\t<\/div>\n\t\t<div class=\"elementor-element elementor-element-95e07d3 e-flex e-con-boxed e-con e-parent\" data-id=\"95e07d3\" data-element_type=\"container\" data-e-type=\"container\">\n\t\t\t\t\t<div class=\"e-con-inner\">\n\t\t\t\t<div class=\"elementor-element elementor-element-df6ca7f elementor-widget elementor-widget-spacer\" data-id=\"df6ca7f\" data-element_type=\"widget\" data-e-type=\"widget\" data-widget_type=\"spacer.default\">\n\t\t\t\t<div class=\"elementor-widget-container\">\n\t\t\t\t\t\t\t<div class=\"elementor-spacer\">\n\t\t\t<div class=\"elementor-spacer-inner\"><\/div>\n\t\t<\/div>\n\t\t\t\t\t\t<\/div>\n\t\t\t\t<\/div>\n\t\t\t\t\t<\/div>\n\t\t\t\t<\/div>\n\t\t<div class=\"elementor-element elementor-element-31c29783 e-flex e-con-boxed e-con e-parent\" data-id=\"31c29783\" data-element_type=\"container\" data-e-type=\"container\">\n\t\t\t\t\t<div class=\"e-con-inner\">\n\t\t<div class=\"elementor-element elementor-element-7775cb59 e-con-full e-flex e-con e-child\" data-id=\"7775cb59\" data-element_type=\"container\" data-e-type=\"container\">\n\t\t\t\t<div class=\"elementor-element elementor-element-542d83f8 elementor-widget elementor-widget-image\" data-id=\"542d83f8\" data-element_type=\"widget\" data-e-type=\"widget\" data-widget_type=\"image.default\">\n\t\t\t\t<div class=\"elementor-widget-container\">\n\t\t\t\t\t\t\t\t\t\t\t\t\t\t\t<img fetchpriority=\"high\" decoding=\"async\" width=\"900\" height=\"600\" src=\"https:\/\/suedharz-urlaub.de\/wp-content\/uploads\/2025\/08\/SUeD_Tourist-Info\u00a9Anja-Goetz_stock.adobe_.com218419944-1024x683.jpg\" class=\"attachment-large size-large wp-image-2630\" alt=\"Tourist-Info Schild vor B\u00e4umen\" srcset=\"https:\/\/suedharz-urlaub.de\/wp-content\/uploads\/2025\/08\/SUeD_Tourist-Info\u00a9Anja-Goetz_stock.adobe_.com218419944-1024x683.jpg 1024w, https:\/\/suedharz-urlaub.de\/wp-content\/uploads\/2025\/08\/SUeD_Tourist-Info\u00a9Anja-Goetz_stock.adobe_.com218419944-768x512.jpg 768w, https:\/\/suedharz-urlaub.de\/wp-content\/uploads\/2025\/08\/SUeD_Tourist-Info\u00a9Anja-Goetz_stock.adobe_.com218419944.jpg 1500w\" sizes=\"(max-width: 900px) 100vw, 900px\" \/>\t\t\t\t\t\t\t\t\t\t\t\t\t\t\t<\/div>\n\t\t\t\t<\/div>\n\t\t\t\t<\/div>\n\t\t<div class=\"elementor-element elementor-element-654e3b8a e-con-full e-flex e-con e-child\" data-id=\"654e3b8a\" data-element_type=\"container\" data-e-type=\"container\">\n\t\t\t\t<div class=\"elementor-element elementor-element-bf097b5 elementor-widget elementor-widget-heading\" data-id=\"bf097b5\" data-element_type=\"widget\" data-e-type=\"widget\" data-widget_type=\"heading.default\">\n\t\t\t\t<div class=\"elementor-widget-container\">\n\t\t\t\t\t<h5 class=\"elementor-heading-title elementor-size-default\">Service &amp; Info<\/h5>\t\t\t\t<\/div>\n\t\t\t\t<\/div>\n\t\t\t\t<div class=\"elementor-element elementor-element-27c5f4b5 elementor-widget-divider--view-line elementor-widget elementor-widget-divider\" data-id=\"27c5f4b5\" data-element_type=\"widget\" data-e-type=\"widget\" data-widget_type=\"divider.default\">\n\t\t\t\t<div class=\"elementor-widget-container\">\n\t\t\t\t\t\t\t<div class=\"elementor-divider\">\n\t\t\t<span class=\"elementor-divider-separator\">\n\t\t\t\t\t\t<\/span>\n\t\t<\/div>\n\t\t\t\t\t\t<\/div>\n\t\t\t\t<\/div>\n\t\t\t\t<div class=\"elementor-element elementor-element-442e3aa3 elementor-widget elementor-widget-text-editor\" data-id=\"442e3aa3\" data-element_type=\"widget\" data-e-type=\"widget\" data-widget_type=\"text-editor.default\">\n\t\t\t\t<div class=\"elementor-widget-container\">\n\t\t\t\t\t\t\t\t\t<p>Come and visit us at the <a href=\"https:\/\/suedharz-urlaub.de\/kontakt\/\">Walkenried Tourist Information<\/a> Office. We can provide you with various brochures, maps and valuable vacation tips. We will advise you on all aspects of your vacation.  <\/p>\t\t\t\t\t\t\t\t<\/div>\n\t\t\t\t<\/div>\n\t\t\t\t<div class=\"elementor-element elementor-element-8fc1541 elementor-icon-list--layout-traditional elementor-list-item-link-full_width elementor-widget elementor-widget-icon-list\" data-id=\"8fc1541\" data-element_type=\"widget\" data-e-type=\"widget\" data-widget_type=\"icon-list.default\">\n\t\t\t\t<div class=\"elementor-widget-container\">\n\t\t\t\t\t\t\t<ul class=\"elementor-icon-list-items\">\n\t\t\t\t\t\t\t<li class=\"elementor-icon-list-item\">\n\t\t\t\t\t\t\t\t\t\t\t<a href=\"https:\/\/www.walkenried-tourismus.de\/info-service\/\">\n\n\t\t\t\t\t\t\t\t\t\t\t\t<span class=\"elementor-icon-list-icon\">\n\t\t\t\t\t\t\t<i aria-hidden=\"true\" class=\"far fa-arrow-alt-circle-right\"><\/i>\t\t\t\t\t\t<\/span>\n\t\t\t\t\t\t\t\t\t\t<span class=\"elementor-icon-list-text\">learn more<\/span>\n\t\t\t\t\t\t\t\t\t\t\t<\/a>\n\t\t\t\t\t\t\t\t\t<\/li>\n\t\t\t\t\t\t<\/ul>\n\t\t\t\t\t\t<\/div>\n\t\t\t\t<\/div>\n\t\t\t\t<\/div>\n\t\t\t\t\t<\/div>\n\t\t\t\t<\/div>\n\t\t<div class=\"elementor-element elementor-element-fbf9e59 e-flex e-con-boxed e-con e-parent\" data-id=\"fbf9e59\" data-element_type=\"container\" data-e-type=\"container\">\n\t\t\t\t\t<div class=\"e-con-inner\">\n\t\t\t\t<div class=\"elementor-element elementor-element-193cd12 elementor-widget elementor-widget-spacer\" data-id=\"193cd12\" data-element_type=\"widget\" data-e-type=\"widget\" data-widget_type=\"spacer.default\">\n\t\t\t\t<div class=\"elementor-widget-container\">\n\t\t\t\t\t\t\t<div class=\"elementor-spacer\">\n\t\t\t<div class=\"elementor-spacer-inner\"><\/div>\n\t\t<\/div>\n\t\t\t\t\t\t<\/div>\n\t\t\t\t<\/div>\n\t\t\t\t\t<\/div>\n\t\t\t\t<\/div>\n\t\t\t\t<\/div>\n\t\t","protected":false},"excerpt":{"rendered":"<p>Facebook Twitter Youtube Vacation in Walkenried Nature, culture and recreation in the southern Harz Walkenried is idyllically situated on the southern edge of the Harz Mountains in Lower Saxony. The state-approved resort belongs to the joint municipality of Walkenried and also includes the districts of Zorge and Wieda. All three villages offer peace, nature and [&hellip;]<\/p>\n","protected":false},"author":4,"featured_media":1651,"parent":0,"menu_order":0,"comment_status":"closed","ping_status":"closed","template":"elementor_header_footer","meta":{"_acf_changed":false,"footnotes":""},"class_list":["post-2673","page","type-page","status-publish","has-post-thumbnail","hentry"],"acf":[],"yoast_head":"<!-- This site is optimized with the Yoast SEO plugin v26.1.1 - https:\/\/yoast.com\/wordpress\/plugins\/seo\/ -->\n<title>Walkenried - Urlaub im S\u00fcdharz<\/title>\n<meta name=\"description\" content=\"Walkenried is characterized by the UNESCO World Heritage Cistercian monastery. The districts of Wieda and Zorge offer scenic diversity.\" \/>\n<meta name=\"robots\" content=\"index, follow, max-snippet:-1, max-image-preview:large, max-video-preview:-1\" \/>\n<link rel=\"canonical\" href=\"https:\/\/suedharz-urlaub.de\/en\/walkenried\/\" \/>\n<meta property=\"og:locale\" content=\"en_US\" \/>\n<meta property=\"og:type\" content=\"article\" \/>\n<meta property=\"og:title\" content=\"Walkenried - Urlaub im S\u00fcdharz\" \/>\n<meta property=\"og:description\" content=\"Walkenried is characterized by the UNESCO World Heritage Cistercian monastery. The districts of Wieda and Zorge offer scenic diversity.\" \/>\n<meta property=\"og:url\" content=\"https:\/\/suedharz-urlaub.de\/en\/walkenried\/\" \/>\n<meta property=\"og:site_name\" content=\"Urlaub im S\u00fcdharz\" \/>\n<meta property=\"article:modified_time\" content=\"2026-01-23T08:28:25+00:00\" \/>\n<meta property=\"og:image\" content=\"https:\/\/suedharz-urlaub.de\/wp-content\/uploads\/2025\/08\/WAL_Kloster-Walkenried-von-oben\u00a9nordombord.jpg\" \/>\n\t<meta property=\"og:image:width\" content=\"1920\" \/>\n\t<meta property=\"og:image:height\" content=\"540\" \/>\n\t<meta property=\"og:image:type\" content=\"image\/jpeg\" \/>\n<meta name=\"twitter:card\" content=\"summary_large_image\" \/>\n<meta name=\"twitter:label1\" content=\"Est. reading time\" \/>\n\t<meta name=\"twitter:data1\" content=\"2 minutes\" \/>\n<script type=\"application\/ld+json\" class=\"yoast-schema-graph\">{\"@context\":\"https:\/\/schema.org\",\"@graph\":[{\"@type\":\"WebPage\",\"@id\":\"https:\/\/suedharz-urlaub.de\/en\/walkenried\/\",\"url\":\"https:\/\/suedharz-urlaub.de\/en\/walkenried\/\",\"name\":\"Walkenried - Urlaub im S\u00fcdharz\",\"isPartOf\":{\"@id\":\"https:\/\/suedharz-urlaub.de\/en\/#website\"},\"primaryImageOfPage\":{\"@id\":\"https:\/\/suedharz-urlaub.de\/en\/walkenried\/#primaryimage\"},\"image\":{\"@id\":\"https:\/\/suedharz-urlaub.de\/en\/walkenried\/#primaryimage\"},\"thumbnailUrl\":\"https:\/\/suedharz-urlaub.de\/wp-content\/uploads\/2025\/08\/WAL_Kloster-Walkenried-von-oben\u00a9nordombord.jpg\",\"datePublished\":\"2025-08-05T07:23:46+00:00\",\"dateModified\":\"2026-01-23T08:28:25+00:00\",\"description\":\"Walkenried is characterized by the UNESCO World Heritage Cistercian monastery. The districts of Wieda and Zorge offer scenic diversity.\",\"breadcrumb\":{\"@id\":\"https:\/\/suedharz-urlaub.de\/en\/walkenried\/#breadcrumb\"},\"inLanguage\":\"en-US\",\"potentialAction\":[{\"@type\":\"ReadAction\",\"target\":[\"https:\/\/suedharz-urlaub.de\/en\/walkenried\/\"]}]},{\"@type\":\"ImageObject\",\"inLanguage\":\"en-US\",\"@id\":\"https:\/\/suedharz-urlaub.de\/en\/walkenried\/#primaryimage\",\"url\":\"https:\/\/suedharz-urlaub.de\/wp-content\/uploads\/2025\/08\/WAL_Kloster-Walkenried-von-oben\u00a9nordombord.jpg\",\"contentUrl\":\"https:\/\/suedharz-urlaub.de\/wp-content\/uploads\/2025\/08\/WAL_Kloster-Walkenried-von-oben\u00a9nordombord.jpg\",\"width\":1920,\"height\":540,\"caption\":\"\u00a9nordombord\"},{\"@type\":\"BreadcrumbList\",\"@id\":\"https:\/\/suedharz-urlaub.de\/en\/walkenried\/#breadcrumb\",\"itemListElement\":[{\"@type\":\"ListItem\",\"position\":1,\"name\":\"Startseite\",\"item\":\"https:\/\/suedharz-urlaub.de\/en\/home\/\"},{\"@type\":\"ListItem\",\"position\":2,\"name\":\"Walkenried\"}]},{\"@type\":\"WebSite\",\"@id\":\"https:\/\/suedharz-urlaub.de\/en\/#website\",\"url\":\"https:\/\/suedharz-urlaub.de\/en\/\",\"name\":\"Urlaub im S\u00fcdharz\",\"description\":\"Entspannung und Abenteuer in einzigartiger Natur\",\"publisher\":{\"@id\":\"https:\/\/suedharz-urlaub.de\/en\/#organization\"},\"potentialAction\":[{\"@type\":\"SearchAction\",\"target\":{\"@type\":\"EntryPoint\",\"urlTemplate\":\"https:\/\/suedharz-urlaub.de\/en\/?s={search_term_string}\"},\"query-input\":{\"@type\":\"PropertyValueSpecification\",\"valueRequired\":true,\"valueName\":\"search_term_string\"}}],\"inLanguage\":\"en-US\"},{\"@type\":\"Organization\",\"@id\":\"https:\/\/suedharz-urlaub.de\/en\/#organization\",\"name\":\"Urlaub im S\u00fcdharz\",\"url\":\"https:\/\/suedharz-urlaub.de\/en\/\",\"logo\":{\"@type\":\"ImageObject\",\"inLanguage\":\"en-US\",\"@id\":\"https:\/\/suedharz-urlaub.de\/en\/#\/schema\/logo\/image\/\",\"url\":\"https:\/\/suedharz-urlaub.de\/wp-content\/uploads\/2025\/02\/Logo_Suedharz_bb-002.jpg\",\"contentUrl\":\"https:\/\/suedharz-urlaub.de\/wp-content\/uploads\/2025\/02\/Logo_Suedharz_bb-002.jpg\",\"width\":1718,\"height\":317,\"caption\":\"Urlaub im S\u00fcdharz\"},\"image\":{\"@id\":\"https:\/\/suedharz-urlaub.de\/en\/#\/schema\/logo\/image\/\"}}]}<\/script>\n<!-- \/ Yoast SEO plugin. -->","yoast_head_json":{"title":"Walkenried - Urlaub im S\u00fcdharz","description":"Walkenried is characterized by the UNESCO World Heritage Cistercian monastery. The districts of Wieda and Zorge offer scenic diversity.","robots":{"index":"index","follow":"follow","max-snippet":"max-snippet:-1","max-image-preview":"max-image-preview:large","max-video-preview":"max-video-preview:-1"},"canonical":"https:\/\/suedharz-urlaub.de\/en\/walkenried\/","og_locale":"en_US","og_type":"article","og_title":"Walkenried - Urlaub im S\u00fcdharz","og_description":"Walkenried is characterized by the UNESCO World Heritage Cistercian monastery. The districts of Wieda and Zorge offer scenic diversity.","og_url":"https:\/\/suedharz-urlaub.de\/en\/walkenried\/","og_site_name":"Urlaub im S\u00fcdharz","article_modified_time":"2026-01-23T08:28:25+00:00","og_image":[{"width":1920,"height":540,"url":"https:\/\/suedharz-urlaub.de\/wp-content\/uploads\/2025\/08\/WAL_Kloster-Walkenried-von-oben\u00a9nordombord.jpg","type":"image\/jpeg"}],"twitter_card":"summary_large_image","twitter_misc":{"Est. reading time":"2 minutes"},"schema":{"@context":"https:\/\/schema.org","@graph":[{"@type":"WebPage","@id":"https:\/\/suedharz-urlaub.de\/en\/walkenried\/","url":"https:\/\/suedharz-urlaub.de\/en\/walkenried\/","name":"Walkenried - Urlaub im S\u00fcdharz","isPartOf":{"@id":"https:\/\/suedharz-urlaub.de\/en\/#website"},"primaryImageOfPage":{"@id":"https:\/\/suedharz-urlaub.de\/en\/walkenried\/#primaryimage"},"image":{"@id":"https:\/\/suedharz-urlaub.de\/en\/walkenried\/#primaryimage"},"thumbnailUrl":"https:\/\/suedharz-urlaub.de\/wp-content\/uploads\/2025\/08\/WAL_Kloster-Walkenried-von-oben\u00a9nordombord.jpg","datePublished":"2025-08-05T07:23:46+00:00","dateModified":"2026-01-23T08:28:25+00:00","description":"Walkenried is characterized by the UNESCO World Heritage Cistercian monastery. The districts of Wieda and Zorge offer scenic diversity.","breadcrumb":{"@id":"https:\/\/suedharz-urlaub.de\/en\/walkenried\/#breadcrumb"},"inLanguage":"en-US","potentialAction":[{"@type":"ReadAction","target":["https:\/\/suedharz-urlaub.de\/en\/walkenried\/"]}]},{"@type":"ImageObject","inLanguage":"en-US","@id":"https:\/\/suedharz-urlaub.de\/en\/walkenried\/#primaryimage","url":"https:\/\/suedharz-urlaub.de\/wp-content\/uploads\/2025\/08\/WAL_Kloster-Walkenried-von-oben\u00a9nordombord.jpg","contentUrl":"https:\/\/suedharz-urlaub.de\/wp-content\/uploads\/2025\/08\/WAL_Kloster-Walkenried-von-oben\u00a9nordombord.jpg","width":1920,"height":540,"caption":"\u00a9nordombord"},{"@type":"BreadcrumbList","@id":"https:\/\/suedharz-urlaub.de\/en\/walkenried\/#breadcrumb","itemListElement":[{"@type":"ListItem","position":1,"name":"Startseite","item":"https:\/\/suedharz-urlaub.de\/en\/home\/"},{"@type":"ListItem","position":2,"name":"Walkenried"}]},{"@type":"WebSite","@id":"https:\/\/suedharz-urlaub.de\/en\/#website","url":"https:\/\/suedharz-urlaub.de\/en\/","name":"Urlaub im S\u00fcdharz","description":"Entspannung und Abenteuer in einzigartiger Natur","publisher":{"@id":"https:\/\/suedharz-urlaub.de\/en\/#organization"},"potentialAction":[{"@type":"SearchAction","target":{"@type":"EntryPoint","urlTemplate":"https:\/\/suedharz-urlaub.de\/en\/?s={search_term_string}"},"query-input":{"@type":"PropertyValueSpecification","valueRequired":true,"valueName":"search_term_string"}}],"inLanguage":"en-US"},{"@type":"Organization","@id":"https:\/\/suedharz-urlaub.de\/en\/#organization","name":"Urlaub im S\u00fcdharz","url":"https:\/\/suedharz-urlaub.de\/en\/","logo":{"@type":"ImageObject","inLanguage":"en-US","@id":"https:\/\/suedharz-urlaub.de\/en\/#\/schema\/logo\/image\/","url":"https:\/\/suedharz-urlaub.de\/wp-content\/uploads\/2025\/02\/Logo_Suedharz_bb-002.jpg","contentUrl":"https:\/\/suedharz-urlaub.de\/wp-content\/uploads\/2025\/02\/Logo_Suedharz_bb-002.jpg","width":1718,"height":317,"caption":"Urlaub im S\u00fcdharz"},"image":{"@id":"https:\/\/suedharz-urlaub.de\/en\/#\/schema\/logo\/image\/"}}]}},"_links":{"self":[{"href":"https:\/\/suedharz-urlaub.de\/en\/wp-json\/wp\/v2\/pages\/2673","targetHints":{"allow":["GET"]}}],"collection":[{"href":"https:\/\/suedharz-urlaub.de\/en\/wp-json\/wp\/v2\/pages"}],"about":[{"href":"https:\/\/suedharz-urlaub.de\/en\/wp-json\/wp\/v2\/types\/page"}],"author":[{"embeddable":true,"href":"https:\/\/suedharz-urlaub.de\/en\/wp-json\/wp\/v2\/users\/4"}],"replies":[{"embeddable":true,"href":"https:\/\/suedharz-urlaub.de\/en\/wp-json\/wp\/v2\/comments?post=2673"}],"version-history":[{"count":1,"href":"https:\/\/suedharz-urlaub.de\/en\/wp-json\/wp\/v2\/pages\/2673\/revisions"}],"predecessor-version":[{"id":2674,"href":"https:\/\/suedharz-urlaub.de\/en\/wp-json\/wp\/v2\/pages\/2673\/revisions\/2674"}],"wp:featuredmedia":[{"embeddable":true,"href":"https:\/\/suedharz-urlaub.de\/en\/wp-json\/wp\/v2\/media\/1651"}],"wp:attachment":[{"href":"https:\/\/suedharz-urlaub.de\/en\/wp-json\/wp\/v2\/media?parent=2673"}],"curies":[{"name":"wp","href":"https:\/\/api.w.org\/{rel}","templated":true}]}}